{"id":1666,"date":"2021-01-26T10:33:26","date_gmt":"2021-01-26T09:33:26","guid":{"rendered":"http:\/\/www.campinglecernie.it\/dienstleistungen\/"},"modified":"2021-03-12T16:00:34","modified_gmt":"2021-03-12T15:00:34","slug":"dienstleistungen","status":"publish","type":"page","link":"https:\/\/www.campinglecernie.it\/de\/dienstleistungen\/","title":{"rendered":"DIENSTLEISTUNGEN"},"content":{"rendered":"<section class=\"l-section wpb_row height_small with_img\"><div class=\"l-section-img\" style=\"background-image: url(https:\/\/www.campinglecernie.it\/wp-content\/uploads\/2021\/01\/camping-le-cernie-sardegna-servizi-bagni-privati-06.png);background-repeat: no-repeat;\" data-img-width=\"1024\" data-img-height=\"683\"><\/div><div class=\"l-section-h i-cf\"><div class=\"g-cols vc_row type_default valign_middle\"><div class=\"vc_col-sm-12 wpb_column vc_column_container\"><div class=\"vc_column-inner\"><div class=\"wpb_wrapper\"><div class=\"ult-spacer spacer-69f469e0b5f72\" data-id=\"69f469e0b5f72\" data-height=\"400\" data-height-mobile=\"400\" data-height-tab=\"400\" data-height-tab-portrait=\"\" data-height-mobile-landscape=\"\" style=\"clear:both;display:block;\"><\/div><\/div><\/div><\/div><\/div><\/div><\/section><section class=\"l-section wpb_row height_small\"><div class=\"l-section-h i-cf\"><div class=\"g-cols vc_row type_default valign_top\"><div class=\"vc_col-sm-2 wpb_column vc_column_container\"><div class=\"vc_column-inner\"><div class=\"wpb_wrapper\"><\/div><\/div><\/div><div class=\"vc_col-sm-8 wpb_column vc_column_container\"><div class=\"vc_column-inner\"><div class=\"wpb_wrapper\"><div class=\"wpb_text_column us_custom_7d00128a has_text_color\" ><div class=\"wpb_wrapper\"><h1 style=\"text-align: center;\">DIENSTLEISTUNGEN<\/h1>\n<\/div><\/div><div class=\"w-separator us_custom_4e55af8d size_small has_text_color with_line width_default thick_2 style_solid color_text align_center\"><div class=\"w-separator-h\"><\/div><\/div><div class=\"wpb_text_column\" ><div class=\"wpb_wrapper\"><h5 style=\"text-align: center;\">Entdecken Sie alle Dienstleistungen, die Ihnen zur Verf\u00fcgung stehen<\/h5>\n<\/div><\/div><div class=\"ult-spacer spacer-69f469e0b6a00\" data-id=\"69f469e0b6a00\" data-height=\"20\" data-height-mobile=\"20\" data-height-tab=\"20\" data-height-tab-portrait=\"\" data-height-mobile-landscape=\"\" style=\"clear:both;display:block;\"><\/div><\/div><\/div><\/div><div class=\"vc_col-sm-2 wpb_column vc_column_container\"><div class=\"vc_column-inner\"><div class=\"wpb_wrapper\"><\/div><\/div><\/div><\/div><\/div><\/section><section class=\"l-section wpb_row us_custom_57fc88ad height_auto\"><div class=\"l-section-h i-cf\"><div class=\"g-cols vc_row type_default valign_top\"><div class=\"vc_col-sm-12 wpb_column vc_column_container\"><div class=\"vc_column-inner\"><div class=\"wpb_wrapper\"><div class=\"w-tabs us_custom_eb849559 layout_hor style_trendy switch_click icon_chevron iconpos_right title_atleft\"><div class=\"w-tabs-list hidden items_6\"><div class=\"w-tabs-list-h\"><a class=\"w-tabs-item active defined-active\" aria-controls=\"content-1612188560598-7ee462fd-273b\" href=\"javascript:void(0);\"><span class=\"w-tabs-item-title\">MEER<\/span><\/a><a class=\"w-tabs-item\" aria-controls=\"content-1612188560082-002abdcc-a7dd\" href=\"javascript:void(0);\"><span class=\"w-tabs-item-title\">CAMPING<\/span><\/a><a class=\"w-tabs-item\" aria-controls=\"content-1612357480101-8dc19bb4-dc4d\" href=\"javascript:void(0);\"><span class=\"w-tabs-item-title\">TOILETTE<\/span><\/a><a class=\"w-tabs-item\" aria-controls=\"content-1612357683808-b93823f8-cfe3\" href=\"javascript:void(0);\"><span class=\"w-tabs-item-title\">RESTAURANT<\/span><\/a><a class=\"w-tabs-item\" aria-controls=\"content-1612358128165-97a90b35-58d9\" href=\"javascript:void(0);\"><span class=\"w-tabs-item-title\">FREIZEIT<\/span><\/a><a class=\"w-tabs-item\" aria-controls=\"content-1612358147601-0ed5283c-59f5\" href=\"javascript:void(0);\"><span class=\"w-tabs-item-title\">ALLGEMEINES<\/span><\/a><\/div><\/div><div class=\"w-tabs-sections\"><div class=\"w-tabs-sections-h\"><div class=\"w-tabs-section active\" id=\"1612188560598-7ee462fd-273b\"><button class=\"w-tabs-section-header active\" aria-controls=\"content-1612188560598-7ee462fd-273b\"><div class=\"w-tabs-section-header-h\"><div class=\"w-tabs-section-title\">MEER<\/div><div class=\"w-tabs-section-control\"><\/div><\/div><\/button><div class=\"w-tabs-section-content\" id=\"content-1612188560598-7ee462fd-273b\" aria-expanded=\"true\"><div class=\"w-tabs-section-content-h i-cf\"><div class=\"g-cols wpb_row  type_default valign_top vc_inner\"><div class=\"vc_col-sm-4 wpb_column vc_column_container\"><div class=\"vc_column-inner\"><div class=\"wpb_wrapper\"><div class=\"w-iconbox us_custom_8ce0afca iconpos_top style_default color_primary align_center no_title no_text\"><div class=\"w-iconbox-icon\"><i class=\"fas fa-water\"><\/i><\/div><div class=\"w-iconbox-meta\"><\/div><\/div><div class=\"ult_exp_section_layer ult-adjust-bottom-margin  \" >\r\n\t<div id=\"uvc-exp-wrap-8528\"   data-ultimate-target='#uvc-exp-wrap-8528'  data-responsive-json-new='{\"font-size\":\"desktop:20px;\",\"line-height\":\"desktop:20px;\"}'  class=\"ult_exp_section  ult-responsive \" style=\"color:#0091f5;background-color:#053d63; font-weight:normal;  text-align:center;\" data-textcolor=\"#0091f5\"data-texthover=\"#053d63\"data-icncolor=\"#333333\"data-ihover=\"#333333\"data-height=\"0\"data-cntbg=\"#053d63\"data-cnthvrbg=\"#f7d154\"data-headerbg=\"#053d63\"data-headerhover=\"#f7d154\"data-title=\"Verleih von Schlauchbooten\"data-newtitle=\"Verleih von Schlauchbooten\"data-icon=\"\"data-newicon=\"\"data-activeicon=\"#333333\"data-effect=\"fadeToggle\"data-override=\"0\"data-activetitle=\"#333333\"data-activebg=\"#dbdbdb\"data-img=\"\"data-newimg=\"\"><div  class=\"ult_exp_section-main \">\r\n\t\t\t\t\t<div class=\"ult_expheader\" >Verleih von Schlauchbooten\r\n\t\t\t\t\t <\/div><\/div>\r\n\t\t\t\t<\/div><div class=\"ult_exp_content \" style=\"background-color:#dbdbdb;  \"><div class=\"ult_ecpsub_cont\" style=\" \" ><div class=\"wpb_text_column\" ><div class=\"wpb_wrapper\"><p>Schlauchboote k\u00f6nnen direkt vom Campingplatz gemietet werden, ohne dass ein Bootsf\u00fchrerschein erforderlich ist.<br \/>\nDie Miete kann t\u00e4glich, halbt\u00e4gig oder sogar w\u00f6chentlich sein.<\/p>\n<\/div><\/div><div class=\"ult-spacer spacer-69f469e0b76d6\" data-id=\"69f469e0b76d6\" data-height=\"10\" data-height-mobile=\"10\" data-height-tab=\"10\" data-height-tab-portrait=\"\" data-height-mobile-landscape=\"\" style=\"clear:both;display:block;\"><\/div><div class=\"w-btn-wrapper width_auto align_center\"><a class=\"w-btn us-btn-style_1\" href=\"\/de\/sardegna\/bootsverleih\/\"><span class=\"w-btn-label\">Finde mehr heraus<\/span><\/a><\/div><\/div><\/div>\r\n\r\n\t\t\t<\/div><\/div><\/div><\/div><div class=\"vc_col-sm-4 wpb_column vc_column_container\"><div class=\"vc_column-inner\"><div class=\"wpb_wrapper\"><div class=\"w-iconbox us_custom_8ce0afca iconpos_top style_default color_primary align_center no_title no_text\"><div class=\"w-iconbox-icon\"><i class=\"fas fa-umbrella-beach\"><\/i><\/div><div class=\"w-iconbox-meta\"><\/div><\/div><div class=\"ult_exp_section_layer ult-adjust-bottom-margin  \" >\r\n\t<div id=\"uvc-exp-wrap-5076\"   data-ultimate-target='#uvc-exp-wrap-5076'  data-responsive-json-new='{\"font-size\":\"desktop:20px;\",\"line-height\":\"desktop:20px;\"}'  class=\"ult_exp_section  ult-responsive \" style=\"color:#0091f5;background-color:#053d63; font-weight:normal;  text-align:center;\" data-textcolor=\"#0091f5\"data-texthover=\"#053d63\"data-icncolor=\"#333333\"data-ihover=\"#333333\"data-height=\"0\"data-cntbg=\"#053d63\"data-cnthvrbg=\"#f7d154\"data-headerbg=\"#053d63\"data-headerhover=\"#f7d154\"data-title=\"Ausgestatteter Strand\"data-newtitle=\"Ausgestatteter Strand\"data-icon=\"\"data-newicon=\"\"data-activeicon=\"#333333\"data-effect=\"fadeToggle\"data-override=\"0\"data-activetitle=\"#333333\"data-activebg=\"#dbdbdb\"data-img=\"\"data-newimg=\"\"><div  class=\"ult_exp_section-main \">\r\n\t\t\t\t\t<div class=\"ult_expheader\" >Ausgestatteter Strand\r\n\t\t\t\t\t <\/div><\/div>\r\n\t\t\t\t<\/div><div class=\"ult_exp_content \" style=\"background-color:#dbdbdb;  \"><div class=\"ult_ecpsub_cont\" style=\" \" ><div class=\"wpb_text_column\" ><div class=\"wpb_wrapper\"><p>Dank des Strandservices k\u00f6nnen Sie das Sardinische Meer in v\u00f6lliger Entspannung genie\u00dfen: Es ist tats\u00e4chlich m\u00f6glich, Sonnenschirme und Sonnenliegen bequem zu Fu\u00df von der Unterkunft aus zu mieten. <\/p>\n<\/div><\/div><div class=\"ult-spacer spacer-69f469e0b7bff\" data-id=\"69f469e0b7bff\" data-height=\"10\" data-height-mobile=\"10\" data-height-tab=\"10\" data-height-tab-portrait=\"\" data-height-mobile-landscape=\"\" style=\"clear:both;display:block;\"><\/div><div class=\"w-btn-wrapper width_auto align_center\"><a class=\"w-btn us-btn-style_1\" href=\"\/de\/sardegna\/der-strand\/\"><span class=\"w-btn-label\">Finde mehr heraus<\/span><\/a><\/div><\/div><\/div>\r\n\r\n\t\t\t<\/div><\/div><\/div><\/div><div class=\"vc_col-sm-4 wpb_column vc_column_container\"><div class=\"vc_column-inner\"><div class=\"wpb_wrapper\"><div class=\"w-iconbox us_custom_8ce0afca iconpos_top style_default color_primary align_center no_title no_text\"><div class=\"w-iconbox-icon\"><i class=\"fas fa-paw\"><\/i><\/div><div class=\"w-iconbox-meta\"><\/div><\/div><div class=\"ult_exp_section_layer ult-adjust-bottom-margin  \" >\r\n\t<div id=\"uvc-exp-wrap-8397\"   data-ultimate-target='#uvc-exp-wrap-8397'  data-responsive-json-new='{\"font-size\":\"desktop:20px;\",\"line-height\":\"desktop:20px;\"}'  class=\"ult_exp_section  ult-responsive \" style=\"color:#0091f5;background-color:#053d63; font-weight:normal;  text-align:center;\" data-textcolor=\"#0091f5\"data-texthover=\"#053d63\"data-icncolor=\"#333333\"data-ihover=\"#333333\"data-height=\"0\"data-cntbg=\"#053d63\"data-cnthvrbg=\"#f7d154\"data-headerbg=\"#053d63\"data-headerhover=\"#f7d154\"data-title=\"Hundestrand\"data-newtitle=\"Hundestrand\"data-icon=\"\"data-newicon=\"\"data-activeicon=\"#333333\"data-effect=\"fadeToggle\"data-override=\"0\"data-activetitle=\"#333333\"data-activebg=\"#dbdbdb\"data-img=\"\"data-newimg=\"\"><div  class=\"ult_exp_section-main \">\r\n\t\t\t\t\t<div class=\"ult_expheader\" >Hundestrand\r\n\t\t\t\t\t <\/div><\/div>\r\n\t\t\t\t<\/div><div class=\"ult_exp_content \" style=\"background-color:#dbdbdb;  \"><div class=\"ult_ecpsub_cont\" style=\" \" ><div class=\"wpb_text_column\" ><div class=\"wpb_wrapper\"><p><span style=\"font-weight: 400;\">Ein paar Schritte vom ausgestatteten Strand entfernt gibt es einen kostenlosen Strand f\u00fcr Hunde, an dem unsere vierbeinigen Freunde v\u00f6llige Bewegungsfreiheit haben und sich auch im Meer abk\u00fchlen k\u00f6nnen. <\/span><\/p>\n<\/div><\/div><div class=\"ult-spacer spacer-69f469e0b8056\" data-id=\"69f469e0b8056\" data-height=\"10\" data-height-mobile=\"10\" data-height-tab=\"10\" data-height-tab-portrait=\"\" data-height-mobile-landscape=\"\" style=\"clear:both;display:block;\"><\/div><div class=\"w-btn-wrapper width_auto align_center\"><a class=\"w-btn us-btn-style_1\" href=\"\/de\/sardegna\/der-strand\/\"><span class=\"w-btn-label\">Finde mehr heraus<\/span><\/a><\/div><\/div><\/div>\r\n\r\n\t\t\t<\/div><\/div><\/div><\/div><\/div><div class=\"w-separator us_custom_4e55af8d size_small has_text_color with_line width_default thick_2 style_solid color_text align_center\"><div class=\"w-separator-h\"><\/div><\/div><div class=\"g-cols wpb_row  type_default valign_top vc_inner\"><div class=\"vc_col-sm-4 wpb_column vc_column_container\"><div class=\"vc_column-inner\"><div class=\"wpb_wrapper\"><div class=\"w-iconbox us_custom_8ce0afca iconpos_top style_default color_primary align_center no_title no_text\"><div class=\"w-iconbox-icon\"><i class=\"fas fa-scrubber\"><\/i><\/div><div class=\"w-iconbox-meta\"><\/div><\/div><div class=\"ult_exp_section_layer ult-adjust-bottom-margin  \" >\r\n\t<div id=\"uvc-exp-wrap-3809\"   data-ultimate-target='#uvc-exp-wrap-3809'  data-responsive-json-new='{\"font-size\":\"desktop:20px;\",\"line-height\":\"desktop:20px;\"}'  class=\"ult_exp_section  ult-responsive \" style=\"color:#0091f5;background-color:#053d63; font-weight:normal;  text-align:center;\" data-textcolor=\"#0091f5\"data-texthover=\"#053d63\"data-icncolor=\"#333333\"data-ihover=\"#333333\"data-height=\"0\"data-cntbg=\"#053d63\"data-cnthvrbg=\"#f7d154\"data-headerbg=\"#053d63\"data-headerhover=\"#f7d154\"data-title=\"Bojenservice\"data-newtitle=\"Bojenservice\"data-icon=\"\"data-newicon=\"\"data-activeicon=\"#333333\"data-effect=\"fadeToggle\"data-override=\"0\"data-activetitle=\"#333333\"data-activebg=\"#dbdbdb\"data-img=\"\"data-newimg=\"\"><div  class=\"ult_exp_section-main \">\r\n\t\t\t\t\t<div class=\"ult_expheader\" >Bojenservice\r\n\t\t\t\t\t <\/div><\/div>\r\n\t\t\t\t<\/div><div class=\"ult_exp_content \" style=\"background-color:#dbdbdb;  \"><div class=\"ult_ecpsub_cont\" style=\" \" ><div class=\"wpb_text_column\" ><div class=\"wpb_wrapper\"><p>Mit dem Bojenverleih vor dem Strand k\u00f6nnen Sie:<br \/>\n&#8211; Lassen Sie Ihr Boot direkt vor der Struktur<br \/>\n&#8211; Verwenden Sie einen Bojenkorridor, um den Strand sicher und in \u00dcbereinstimmung mit dem Gesetz zu erreichen<\/p>\n<\/div><\/div><\/div><\/div>\r\n\r\n\t\t\t<\/div><\/div><\/div><\/div><div class=\"vc_col-sm-4 wpb_column vc_column_container\"><div class=\"vc_column-inner\"><div class=\"wpb_wrapper\"><div class=\"w-iconbox us_custom_8ce0afca iconpos_top style_default color_primary align_center no_title no_text\"><div class=\"w-iconbox-icon\"><i class=\"fas fa-fish\"><\/i><\/div><div class=\"w-iconbox-meta\"><\/div><\/div><div class=\"ult_exp_section_layer ult-adjust-bottom-margin  \" >\r\n\t<div id=\"uvc-exp-wrap-1566\"   data-ultimate-target='#uvc-exp-wrap-1566'  data-responsive-json-new='{\"font-size\":\"desktop:20px;\",\"line-height\":\"desktop:20px;\"}'  class=\"ult_exp_section  ult-responsive \" style=\"color:#0091f5;background-color:#053d63; font-weight:normal;  text-align:center;\" data-textcolor=\"#0091f5\"data-texthover=\"#053d63\"data-icncolor=\"#333333\"data-ihover=\"#333333\"data-height=\"0\"data-cntbg=\"#053d63\"data-cnthvrbg=\"#f7d154\"data-headerbg=\"#053d63\"data-headerhover=\"#f7d154\"data-title=\"Verleih von Tauchzylindern\"data-newtitle=\"Verleih von Tauchzylindern\"data-icon=\"\"data-newicon=\"\"data-activeicon=\"#333333\"data-effect=\"fadeToggle\"data-override=\"0\"data-activetitle=\"#333333\"data-activebg=\"#dbdbdb\"data-img=\"\"data-newimg=\"\"><div  class=\"ult_exp_section-main \">\r\n\t\t\t\t\t<div class=\"ult_expheader\" >Verleih von Tauchzylindern\r\n\t\t\t\t\t <\/div><\/div>\r\n\t\t\t\t<\/div><div class=\"ult_exp_content \" style=\"background-color:#dbdbdb;  \"><div class=\"ult_ecpsub_cont\" style=\" \" ><div class=\"wpb_text_column\" ><div class=\"wpb_wrapper\"><p>Sie k\u00f6nnen Tauchflaschen direkt in unserer Einrichtung oder unter <a href=\"https:\/\/www.nauticaseaservice.it\/it\/nautica-diving-center\/\" target=\"_blank\" rel=\"noopener\"> Tauchen in Santa Maria mieten Navarrese<\/a><\/p>\n<\/div><\/div><\/div><\/div>\r\n\r\n\t\t\t<\/div><\/div><\/div><\/div><div class=\"vc_col-sm-4 wpb_column vc_column_container\"><div class=\"vc_column-inner\"><div class=\"wpb_wrapper\"><div class=\"w-iconbox us_custom_8ce0afca iconpos_top style_default color_primary align_center no_title no_text\"><div class=\"w-iconbox-icon\"><i class=\"fas fa-glass-whiskey\"><\/i><\/div><div class=\"w-iconbox-meta\"><\/div><\/div><div class=\"ult_exp_section_layer ult-adjust-bottom-margin  \" >\r\n\t<div id=\"uvc-exp-wrap-3532\"   data-ultimate-target='#uvc-exp-wrap-3532'  data-responsive-json-new='{\"font-size\":\"desktop:20px;\",\"line-height\":\"desktop:20px;\"}'  class=\"ult_exp_section  ult-responsive \" style=\"color:#0091f5;background-color:#053d63; font-weight:normal;  text-align:center;\" data-textcolor=\"#0091f5\"data-texthover=\"#053d63\"data-icncolor=\"#333333\"data-ihover=\"#333333\"data-height=\"0\"data-cntbg=\"#053d63\"data-cnthvrbg=\"#f7d154\"data-headerbg=\"#053d63\"data-headerhover=\"#f7d154\"data-title=\"Waschtanks f\u00fcr Tauchausr\u00fcstung\"data-newtitle=\"Waschtanks f\u00fcr Tauchausr\u00fcstung\"data-icon=\"\"data-newicon=\"\"data-activeicon=\"#333333\"data-effect=\"fadeToggle\"data-override=\"0\"data-activetitle=\"#333333\"data-activebg=\"#dbdbdb\"data-img=\"\"data-newimg=\"\"><div  class=\"ult_exp_section-main \">\r\n\t\t\t\t\t<div class=\"ult_expheader\" >Waschtanks f\u00fcr Tauchausr\u00fcstung\r\n\t\t\t\t\t <\/div><\/div>\r\n\t\t\t\t<\/div><div class=\"ult_exp_content \" style=\"background-color:#dbdbdb;  \"><div class=\"ult_ecpsub_cont\" style=\" \" ><div class=\"wpb_text_column\" ><div class=\"wpb_wrapper\"><p><span style=\"font-weight: 400;\">F\u00fcr Liebhaber des Meeres, Schnorcheln und Tauchen k\u00f6nnen Sie die gro\u00dfen und komfortablen Waschbecken kostenlos nutzen, um Ihre Ausr\u00fcstung nach Gebrauch zu sp\u00fclen.<\/span><\/p>\n<\/div><\/div><\/div><\/div>\r\n\r\n\t\t\t<\/div><\/div><\/div><\/div><\/div><div class=\"w-separator us_custom_4e55af8d size_small has_text_color with_line width_default thick_2 style_solid color_text align_center\"><div class=\"w-separator-h\"><\/div><\/div><div class=\"g-cols wpb_row  type_default valign_top vc_inner\"><div class=\"vc_col-sm-4 wpb_column vc_column_container\"><div class=\"vc_column-inner\"><div class=\"wpb_wrapper\"><div class=\"w-iconbox us_custom_8ce0afca iconpos_top style_default color_primary align_center no_title no_text\"><div class=\"w-iconbox-icon\"><i class=\"fas fa-ship\"><\/i><\/div><div class=\"w-iconbox-meta\"><\/div><\/div><div class=\"ult_exp_section_layer ult-adjust-bottom-margin  \" >\r\n\t<div id=\"uvc-exp-wrap-4754\"   data-ultimate-target='#uvc-exp-wrap-4754'  data-responsive-json-new='{\"font-size\":\"desktop:20px;\",\"line-height\":\"desktop:20px;\"}'  class=\"ult_exp_section  ult-responsive \" style=\"color:#0091f5;background-color:#053d63; font-weight:normal;  text-align:center;\" data-textcolor=\"#0091f5\"data-texthover=\"#053d63\"data-icncolor=\"#333333\"data-ihover=\"#333333\"data-height=\"0\"data-cntbg=\"#053d63\"data-cnthvrbg=\"#f7d154\"data-headerbg=\"#053d63\"data-headerhover=\"#f7d154\"data-title=\"Nautische Hilfe\"data-newtitle=\"Nautische Hilfe\"data-icon=\"\"data-newicon=\"\"data-activeicon=\"#333333\"data-effect=\"fadeToggle\"data-override=\"0\"data-activetitle=\"#333333\"data-activebg=\"#dbdbdb\"data-img=\"\"data-newimg=\"\"><div  class=\"ult_exp_section-main \">\r\n\t\t\t\t\t<div class=\"ult_expheader\" >Nautische Hilfe\r\n\t\t\t\t\t <\/div><\/div>\r\n\t\t\t\t<\/div><div class=\"ult_exp_content \" style=\"background-color:#dbdbdb;  \"><div class=\"ult_ecpsub_cont\" style=\" \" ><div class=\"wpb_text_column\" ><div class=\"wpb_wrapper\"><p><span style=\"font-weight: 400;\">Wir bieten jede Art von nautischer Unterst\u00fctzung: sowohl die grundlegende direkt auf dem Campingplatz als auch die fortgeschrittenere dank der Zusammenarbeit eines erfahrenen Motorbootmechanikers.<\/span><\/p>\n<\/div><\/div><\/div><\/div>\r\n\r\n\t\t\t<\/div><\/div><\/div><\/div><div class=\"vc_col-sm-4 wpb_column vc_column_container\"><div class=\"vc_column-inner\"><div class=\"wpb_wrapper\"><div class=\"w-iconbox us_custom_8ce0afca iconpos_top style_default color_primary align_center no_title no_text\"><div class=\"w-iconbox-icon\"><i class=\"fas fa-anchor\"><\/i><\/div><div class=\"w-iconbox-meta\"><\/div><\/div><div class=\"ult_exp_section_layer ult-adjust-bottom-margin  \" >\r\n\t<div id=\"uvc-exp-wrap-7940\"   data-ultimate-target='#uvc-exp-wrap-7940'  data-responsive-json-new='{\"font-size\":\"desktop:20px;\",\"line-height\":\"desktop:20px;\"}'  class=\"ult_exp_section  ult-responsive \" style=\"color:#0091f5;background-color:#053d63; font-weight:normal;  text-align:center;\" data-textcolor=\"#0091f5\"data-texthover=\"#053d63\"data-icncolor=\"#333333\"data-ihover=\"#333333\"data-height=\"0\"data-cntbg=\"#053d63\"data-cnthvrbg=\"#f7d154\"data-headerbg=\"#053d63\"data-headerhover=\"#f7d154\"data-title=\"Boote starten\"data-newtitle=\"Boote starten\"data-icon=\"\"data-newicon=\"\"data-activeicon=\"#333333\"data-effect=\"fadeToggle\"data-override=\"0\"data-activetitle=\"#333333\"data-activebg=\"#dbdbdb\"data-img=\"\"data-newimg=\"\"><div  class=\"ult_exp_section-main \">\r\n\t\t\t\t\t<div class=\"ult_expheader\" >Boote starten\r\n\t\t\t\t\t <\/div><\/div>\r\n\t\t\t\t<\/div><div class=\"ult_exp_content \" style=\"background-color:#dbdbdb;  \"><div class=\"ult_ecpsub_cont\" style=\" \" ><div class=\"wpb_text_column\" ><div class=\"wpb_wrapper\"><p>Boote und Fl\u00f6\u00dfe k\u00f6nnen im nahe gelegenen Hafen von S. Maria Navarrese gestartet werden.<br \/>\nIm Bedarfsfall k\u00f6nnen Sie direkt bei uns ein Auto mieten, um das Boot zum Hafen zu transportieren.<\/p>\n<\/div><\/div><\/div><\/div>\r\n\r\n\t\t\t<\/div><\/div><\/div><\/div><div class=\"vc_col-sm-4 wpb_column vc_column_container\"><div class=\"vc_column-inner\"><div class=\"wpb_wrapper\"><\/div><\/div><\/div><\/div><\/div><\/div><\/div><div class=\"w-tabs-section\" id=\"1612188560082-002abdcc-a7dd\"><button class=\"w-tabs-section-header\" aria-controls=\"content-1612188560082-002abdcc-a7dd\"><div class=\"w-tabs-section-header-h\"><div class=\"w-tabs-section-title\">CAMPING<\/div><div class=\"w-tabs-section-control\"><\/div><\/div><\/button><div class=\"w-tabs-section-content\" id=\"content-1612188560082-002abdcc-a7dd\" aria-expanded=\"false\"><div class=\"w-tabs-section-content-h i-cf\"><div class=\"g-cols wpb_row  type_default valign_top vc_inner\"><div class=\"vc_col-sm-4 wpb_column vc_column_container\"><div class=\"vc_column-inner\"><div class=\"wpb_wrapper\"><div class=\"w-iconbox us_custom_8ce0afca iconpos_top style_default color_primary align_center no_title no_text\"><div class=\"w-iconbox-icon\"><i class=\"fas fa-tshirt\"><\/i><\/div><div class=\"w-iconbox-meta\"><\/div><\/div><div class=\"ult_exp_section_layer ult-adjust-bottom-margin  \" >\r\n\t<div id=\"uvc-exp-wrap-8340\"   data-ultimate-target='#uvc-exp-wrap-8340'  data-responsive-json-new='{\"font-size\":\"desktop:20px;\",\"line-height\":\"desktop:20px;\"}'  class=\"ult_exp_section  ult-responsive \" style=\"color:#0091f5;background-color:#053d63; font-weight:normal;  text-align:center;\" data-textcolor=\"#0091f5\"data-texthover=\"#053d63\"data-icncolor=\"#333333\"data-ihover=\"#333333\"data-height=\"0\"data-cntbg=\"#053d63\"data-cnthvrbg=\"#f7d154\"data-headerbg=\"#053d63\"data-headerhover=\"#f7d154\"data-title=\"B\u00fcgelraum\"data-newtitle=\"B\u00fcgelraum\"data-icon=\"\"data-newicon=\"\"data-activeicon=\"#333333\"data-effect=\"fadeToggle\"data-override=\"0\"data-activetitle=\"#333333\"data-activebg=\"#dbdbdb\"data-img=\"\"data-newimg=\"\"><div  class=\"ult_exp_section-main \">\r\n\t\t\t\t\t<div class=\"ult_expheader\" >B\u00fcgelraum\r\n\t\t\t\t\t <\/div><\/div>\r\n\t\t\t\t<\/div><div class=\"ult_exp_content \" style=\"background-color:#dbdbdb;  \"><div class=\"ult_ecpsub_cont\" style=\" \" ><div class=\"wpb_text_column\" ><div class=\"wpb_wrapper\"><p>Der B\u00fcgelraum befindet sich neben der W\u00e4scherei und verf\u00fcgt \u00fcber 4 kostenlose B\u00fcgelbretter mit Dampfb\u00fcgeleisen, alle mit entsprechender Erdung und elektrischem Sicherheitsschutz. Es gibt t\u00e4gliche Zeitpl\u00e4ne f\u00fcr die Nutzung dieses Dienstes.<\/p>\n<\/div><\/div><\/div><\/div>\r\n\r\n\t\t\t<\/div><\/div><\/div><\/div><div class=\"vc_col-sm-4 wpb_column vc_column_container\"><div class=\"vc_column-inner\"><div class=\"wpb_wrapper\"><div class=\"w-iconbox us_custom_8ce0afca iconpos_top style_default color_primary align_center no_title no_text\"><div class=\"w-iconbox-icon\"><i class=\"fas fa-washer\"><\/i><\/div><div class=\"w-iconbox-meta\"><\/div><\/div><div class=\"ult_exp_section_layer ult-adjust-bottom-margin  \" >\r\n\t<div id=\"uvc-exp-wrap-1118\"   data-ultimate-target='#uvc-exp-wrap-1118'  data-responsive-json-new='{\"font-size\":\"desktop:20px;\",\"line-height\":\"desktop:20px;\"}'  class=\"ult_exp_section  ult-responsive \" style=\"color:#0091f5;background-color:#053d63; font-weight:normal;  text-align:center;\" data-textcolor=\"#0091f5\"data-texthover=\"#053d63\"data-icncolor=\"#333333\"data-ihover=\"#333333\"data-height=\"0\"data-cntbg=\"#053d63\"data-cnthvrbg=\"#f7d154\"data-headerbg=\"#053d63\"data-headerhover=\"#f7d154\"data-title=\"W\u00e4sche und Trockner\"data-newtitle=\"W\u00e4sche und Trockner\"data-icon=\"\"data-newicon=\"\"data-activeicon=\"#333333\"data-effect=\"fadeToggle\"data-override=\"0\"data-activetitle=\"#333333\"data-activebg=\"#dbdbdb\"data-img=\"\"data-newimg=\"\"><div  class=\"ult_exp_section-main \">\r\n\t\t\t\t\t<div class=\"ult_expheader\" >W\u00e4sche und Trockner\r\n\t\t\t\t\t <\/div><\/div>\r\n\t\t\t\t<\/div><div class=\"ult_exp_content \" style=\"background-color:#dbdbdb;  \"><div class=\"ult_ecpsub_cont\" style=\" \" ><div class=\"wpb_text_column\" ><div class=\"wpb_wrapper\"><p>Im W\u00e4schebereich finden Sie Waschmaschinen und Trockner f\u00fcr Ihre W\u00e4sche, die mit Token verwendet werden k\u00f6nnen.<br \/>\nAndererseits werden Trockengestelle neben den Strukturen aufgestellt, um die W\u00e4sche aufzuh\u00e4ngen.<br \/>\nDas Ticket f\u00fcr die Waschmaschinen kostet 5,00 \u20ac f\u00fcr die 5 kg. Und 6,00 \u20ac f\u00fcr die 7 kg.<\/p>\n<\/div><\/div><\/div><\/div>\r\n\r\n\t\t\t<\/div><\/div><\/div><\/div><div class=\"vc_col-sm-4 wpb_column vc_column_container\"><div class=\"vc_column-inner\"><div class=\"wpb_wrapper\"><div class=\"w-iconbox us_custom_8ce0afca iconpos_top style_default color_primary align_center no_title no_text\"><div class=\"w-iconbox-icon\"><i class=\"fas fa-garage-car\"><\/i><\/div><div class=\"w-iconbox-meta\"><\/div><\/div><div class=\"ult_exp_section_layer ult-adjust-bottom-margin  \" >\r\n\t<div id=\"uvc-exp-wrap-9842\"   data-ultimate-target='#uvc-exp-wrap-9842'  data-responsive-json-new='{\"font-size\":\"desktop:20px;\",\"line-height\":\"desktop:20px;\"}'  class=\"ult_exp_section  ult-responsive \" style=\"color:#0091f5;background-color:#053d63; font-weight:normal;  text-align:center;\" data-textcolor=\"#0091f5\"data-texthover=\"#053d63\"data-icncolor=\"#333333\"data-ihover=\"#333333\"data-height=\"0\"data-cntbg=\"#053d63\"data-cnthvrbg=\"#f7d154\"data-headerbg=\"#053d63\"data-headerhover=\"#f7d154\"data-title=\"Lager\"data-newtitle=\"Lager\"data-icon=\"\"data-newicon=\"\"data-activeicon=\"#333333\"data-effect=\"fadeToggle\"data-override=\"0\"data-activetitle=\"#333333\"data-activebg=\"#dbdbdb\"data-img=\"\"data-newimg=\"\"><div  class=\"ult_exp_section-main \">\r\n\t\t\t\t\t<div class=\"ult_expheader\" >Lager\r\n\t\t\t\t\t <\/div><\/div>\r\n\t\t\t\t<\/div><div class=\"ult_exp_content \" style=\"background-color:#dbdbdb;  \"><div class=\"ult_ecpsub_cont\" style=\" \" ><div class=\"wpb_text_column\" ><div class=\"wpb_wrapper\"><p>Auf unserem Campingplatz k\u00f6nnen Sie Caravans, Campervans und Fl\u00f6\u00dfe im Freien oder drinnen in einem mit Industriebeton gepflasterten Schuppen lagern.<br \/>\nF\u00fcr Kosten und weitere Informationen wenden Sie sich bitte direkt an unsere Einrichtung.<\/p>\n<\/div><\/div><div class=\"ult-spacer spacer-69f469e0ba132\" data-id=\"69f469e0ba132\" data-height=\"10\" data-height-mobile=\"10\" data-height-tab=\"10\" data-height-tab-portrait=\"\" data-height-mobile-landscape=\"\" style=\"clear:both;display:block;\"><\/div><div class=\"w-btn-wrapper width_auto align_center\"><a class=\"w-btn us-btn-style_1\" href=\"\/de\/kontakte\/\"><span class=\"w-btn-label\">Kontaktiere uns<\/span><\/a><\/div><\/div><\/div>\r\n\r\n\t\t\t<\/div><\/div><\/div><\/div><\/div><\/div><\/div><\/div><div class=\"w-tabs-section\" id=\"1612357480101-8dc19bb4-dc4d\"><button class=\"w-tabs-section-header\" aria-controls=\"content-1612357480101-8dc19bb4-dc4d\"><div class=\"w-tabs-section-header-h\"><div class=\"w-tabs-section-title\">TOILETTE<\/div><div class=\"w-tabs-section-control\"><\/div><\/div><\/button><div class=\"w-tabs-section-content\" id=\"content-1612357480101-8dc19bb4-dc4d\" aria-expanded=\"false\"><div class=\"w-tabs-section-content-h i-cf\"><div class=\"g-cols wpb_row  type_default valign_top vc_inner\"><div class=\"vc_col-sm-4 wpb_column vc_column_container\"><div class=\"vc_column-inner\"><div class=\"wpb_wrapper\"><div class=\"w-iconbox us_custom_8ce0afca iconpos_top style_default color_primary align_center no_title no_text\"><div class=\"w-iconbox-icon\"><i class=\"fas fa-shower\"><\/i><\/div><div class=\"w-iconbox-meta\"><\/div><\/div><div class=\"ult_exp_section_layer ult-adjust-bottom-margin  \" >\r\n\t<div id=\"uvc-exp-wrap-5052\"   data-ultimate-target='#uvc-exp-wrap-5052'  data-responsive-json-new='{\"font-size\":\"desktop:20px;\",\"line-height\":\"desktop:20px;\"}'  class=\"ult_exp_section  ult-responsive \" style=\"color:#0091f5;background-color:#053d63; font-weight:normal;  text-align:center;\" data-textcolor=\"#0091f5\"data-texthover=\"#053d63\"data-icncolor=\"#333333\"data-ihover=\"#333333\"data-height=\"0\"data-cntbg=\"#053d63\"data-cnthvrbg=\"#f7d154\"data-headerbg=\"#053d63\"data-headerhover=\"#f7d154\"data-title=\"Kostenlose hei\u00dfe Dusche\"data-newtitle=\"Kostenlose hei\u00dfe Dusche\"data-icon=\"\"data-newicon=\"\"data-activeicon=\"#333333\"data-effect=\"fadeToggle\"data-override=\"0\"data-activetitle=\"#333333\"data-activebg=\"#dbdbdb\"data-img=\"\"data-newimg=\"\"><div  class=\"ult_exp_section-main \">\r\n\t\t\t\t\t<div class=\"ult_expheader\" >Kostenlose hei\u00dfe Dusche\r\n\t\t\t\t\t <\/div><\/div>\r\n\t\t\t\t<\/div><div class=\"ult_exp_content \" style=\"background-color:#dbdbdb;  \"><div class=\"ult_ecpsub_cont\" style=\" \" ><div class=\"wpb_text_column\" ><div class=\"wpb_wrapper\"><p>Im Toilettenbereich gibt es rund um die Uhr kostenlose Duschen mit hei\u00dfem Wasser.<\/p>\n<\/div><\/div><\/div><\/div>\r\n\r\n\t\t\t<\/div><\/div><\/div><\/div><div class=\"vc_col-sm-4 wpb_column vc_column_container\"><div class=\"vc_column-inner\"><div class=\"wpb_wrapper\"><div class=\"w-iconbox us_custom_8ce0afca iconpos_top style_default color_primary align_center no_title no_text\"><div class=\"w-iconbox-icon\"><i class=\"fas fa-shower\"><\/i><\/div><div class=\"w-iconbox-meta\"><\/div><\/div><div class=\"ult_exp_section_layer ult-adjust-bottom-margin  \" >\r\n\t<div id=\"uvc-exp-wrap-3480\"   data-ultimate-target='#uvc-exp-wrap-3480'  data-responsive-json-new='{\"font-size\":\"desktop:20px;\",\"line-height\":\"desktop:20px;\"}'  class=\"ult_exp_section  ult-responsive \" style=\"color:#0091f5;background-color:#053d63; font-weight:normal;  text-align:center;\" data-textcolor=\"#0091f5\"data-texthover=\"#053d63\"data-icncolor=\"#333333\"data-ihover=\"#333333\"data-height=\"0\"data-cntbg=\"#053d63\"data-cnthvrbg=\"#f7d154\"data-headerbg=\"#053d63\"data-headerhover=\"#f7d154\"data-title=\"Duschen f\u00fcr Kinder reserviert\"data-newtitle=\"Duschen f\u00fcr Kinder reserviert\"data-icon=\"\"data-newicon=\"\"data-activeicon=\"#333333\"data-effect=\"fadeToggle\"data-override=\"0\"data-activetitle=\"#333333\"data-activebg=\"#dbdbdb\"data-img=\"\"data-newimg=\"\"><div  class=\"ult_exp_section-main \">\r\n\t\t\t\t\t<div class=\"ult_expheader\" >Duschen f\u00fcr Kinder reserviert\r\n\t\t\t\t\t <\/div><\/div>\r\n\t\t\t\t<\/div><div class=\"ult_exp_content \" style=\"background-color:#dbdbdb;  \"><div class=\"ult_ecpsub_cont\" style=\" \" ><div class=\"wpb_text_column\" ><div class=\"wpb_wrapper\"><p>Bequeme Duschen f\u00fcr Kinder und Babys sind vorhanden. <\/p>\n<\/div><\/div><\/div><\/div>\r\n\r\n\t\t\t<\/div><\/div><\/div><\/div><div class=\"vc_col-sm-4 wpb_column vc_column_container\"><div class=\"vc_column-inner\"><div class=\"wpb_wrapper\"><div class=\"w-iconbox us_custom_8ce0afca iconpos_top style_default color_primary align_center no_title no_text\"><div class=\"w-iconbox-icon\"><i class=\"fas fa-wind\"><\/i><\/div><div class=\"w-iconbox-meta\"><\/div><\/div><div class=\"ult_exp_section_layer ult-adjust-bottom-margin  \" >\r\n\t<div id=\"uvc-exp-wrap-1079\"   data-ultimate-target='#uvc-exp-wrap-1079'  data-responsive-json-new='{\"font-size\":\"desktop:20px;\",\"line-height\":\"desktop:20px;\"}'  class=\"ult_exp_section  ult-responsive \" style=\"color:#0091f5;background-color:#053d63; font-weight:normal;  text-align:center;\" data-textcolor=\"#0091f5\"data-texthover=\"#053d63\"data-icncolor=\"#333333\"data-ihover=\"#333333\"data-height=\"0\"data-cntbg=\"#053d63\"data-cnthvrbg=\"#f7d154\"data-headerbg=\"#053d63\"data-headerhover=\"#f7d154\"data-title=\"\u00d6ffentliche Haartrockner\"data-newtitle=\"\u00d6ffentliche Haartrockner\"data-icon=\"\"data-newicon=\"\"data-activeicon=\"#333333\"data-effect=\"fadeToggle\"data-override=\"0\"data-activetitle=\"#333333\"data-activebg=\"#dbdbdb\"data-img=\"\"data-newimg=\"\"><div  class=\"ult_exp_section-main \">\r\n\t\t\t\t\t<div class=\"ult_expheader\" >\u00d6ffentliche Haartrockner\r\n\t\t\t\t\t <\/div><\/div>\r\n\t\t\t\t<\/div><div class=\"ult_exp_content \" style=\"background-color:#dbdbdb;  \"><div class=\"ult_ecpsub_cont\" style=\" \" ><div class=\"wpb_text_column\" ><div class=\"wpb_wrapper\"><p><span style=\"font-weight: 400;\">Kostenlose \u00f6ffentliche Haartrockner in einem bestimmten Bereich in der N\u00e4he der Duschen. <\/span><\/p>\n<\/div><\/div><\/div><\/div>\r\n\r\n\t\t\t<\/div><\/div><\/div><\/div><\/div><div class=\"w-separator us_custom_4e55af8d size_small has_text_color with_line width_default thick_2 style_solid color_text align_center\"><div class=\"w-separator-h\"><\/div><\/div><div class=\"g-cols wpb_row  type_default valign_top vc_inner\"><div class=\"vc_col-sm-4 wpb_column vc_column_container\"><div class=\"vc_column-inner\"><div class=\"wpb_wrapper\"><div class=\"w-iconbox us_custom_8ce0afca iconpos_top style_default color_primary align_center no_title no_text\"><div class=\"w-iconbox-icon\"><i class=\"fas fa-sink\"><\/i><\/div><div class=\"w-iconbox-meta\"><\/div><\/div><div class=\"ult_exp_section_layer ult-adjust-bottom-margin  \" >\r\n\t<div id=\"uvc-exp-wrap-6486\"   data-ultimate-target='#uvc-exp-wrap-6486'  data-responsive-json-new='{\"font-size\":\"desktop:20px;\",\"line-height\":\"desktop:20px;\"}'  class=\"ult_exp_section  ult-responsive \" style=\"color:#0091f5;background-color:#053d63; font-weight:normal;  text-align:center;\" data-textcolor=\"#0091f5\"data-texthover=\"#053d63\"data-icncolor=\"#333333\"data-ihover=\"#333333\"data-height=\"0\"data-cntbg=\"#053d63\"data-cnthvrbg=\"#f7d154\"data-headerbg=\"#053d63\"data-headerhover=\"#f7d154\"data-title=\"Waschr\u00e4ume und \u00f6ffentliche Dienstleistungen\"data-newtitle=\"Waschr\u00e4ume und \u00f6ffentliche Dienstleistungen\"data-icon=\"\"data-newicon=\"\"data-activeicon=\"#333333\"data-effect=\"fadeToggle\"data-override=\"0\"data-activetitle=\"#333333\"data-activebg=\"#dbdbdb\"data-img=\"\"data-newimg=\"\"><div  class=\"ult_exp_section-main \">\r\n\t\t\t\t\t<div class=\"ult_expheader\" >Waschr\u00e4ume und \u00f6ffentliche Dienstleistungen\r\n\t\t\t\t\t <\/div><\/div>\r\n\t\t\t\t<\/div><div class=\"ult_exp_content \" style=\"background-color:#dbdbdb;  \"><div class=\"ult_ecpsub_cont\" style=\" \" ><div class=\"wpb_text_column\" ><div class=\"wpb_wrapper\"><p>Es gibt k\u00fcrzlich renovierte Waschh\u00e4user und \u00f6ffentliche Dienstleistungen, die mit allem Komfort ausgestattet sind.<\/p>\n<\/div><\/div><\/div><\/div>\r\n\r\n\t\t\t<\/div><\/div><\/div><\/div><div class=\"vc_col-sm-4 wpb_column vc_column_container\"><div class=\"vc_column-inner\"><div class=\"wpb_wrapper\"><\/div><\/div><\/div><div class=\"vc_col-sm-4 wpb_column vc_column_container\"><div class=\"vc_column-inner\"><div class=\"wpb_wrapper\"><\/div><\/div><\/div><\/div><\/div><\/div><\/div><div class=\"w-tabs-section\" id=\"1612357683808-b93823f8-cfe3\"><button class=\"w-tabs-section-header\" aria-controls=\"content-1612357683808-b93823f8-cfe3\"><div class=\"w-tabs-section-header-h\"><div class=\"w-tabs-section-title\">RESTAURANT<\/div><div class=\"w-tabs-section-control\"><\/div><\/div><\/button><div class=\"w-tabs-section-content\" id=\"content-1612357683808-b93823f8-cfe3\" aria-expanded=\"false\"><div class=\"w-tabs-section-content-h i-cf\"><div class=\"g-cols wpb_row  type_default valign_top vc_inner\"><div class=\"vc_col-sm-4 wpb_column vc_column_container\"><div class=\"vc_column-inner\"><div class=\"wpb_wrapper\"><div class=\"w-iconbox us_custom_8ce0afca iconpos_top style_default color_primary align_center no_title no_text\"><div class=\"w-iconbox-icon\"><i class=\"fas fa-utensils\"><\/i><\/div><div class=\"w-iconbox-meta\"><\/div><\/div><div class=\"ult_exp_section_layer ult-adjust-bottom-margin  \" >\r\n\t<div id=\"uvc-exp-wrap-2934\"   data-ultimate-target='#uvc-exp-wrap-2934'  data-responsive-json-new='{\"font-size\":\"desktop:20px;\",\"line-height\":\"desktop:20px;\"}'  class=\"ult_exp_section  ult-responsive \" style=\"color:#0091f5;background-color:#053d63; font-weight:normal;  text-align:center;\" data-textcolor=\"#0091f5\"data-texthover=\"#053d63\"data-icncolor=\"#333333\"data-ihover=\"#333333\"data-height=\"0\"data-cntbg=\"#053d63\"data-cnthvrbg=\"#f7d154\"data-headerbg=\"#053d63\"data-headerhover=\"#f7d154\"data-title=\"Restaurant\"data-newtitle=\"Restaurant\"data-icon=\"\"data-newicon=\"\"data-activeicon=\"#333333\"data-effect=\"fadeToggle\"data-override=\"0\"data-activetitle=\"#333333\"data-activebg=\"#dbdbdb\"data-img=\"\"data-newimg=\"\"><div  class=\"ult_exp_section-main \">\r\n\t\t\t\t\t<div class=\"ult_expheader\" >Restaurant\r\n\t\t\t\t\t <\/div><\/div>\r\n\t\t\t\t<\/div><div class=\"ult_exp_content \" style=\"background-color:#dbdbdb;  \"><div class=\"ult_ecpsub_cont\" style=\" \" ><div class=\"wpb_text_column\" ><div class=\"wpb_wrapper\"><p>Innerhalb der Struktur gibt es ein Restaurant f\u00fcr Campingg\u00e4ste. Weitere Informationen finden Sie im entsprechenden Bereich<\/p>\n<\/div><\/div><div class=\"ult-spacer spacer-69f469e0bb681\" data-id=\"69f469e0bb681\" data-height=\"10\" data-height-mobile=\"10\" data-height-tab=\"10\" data-height-tab-portrait=\"\" data-height-mobile-landscape=\"\" style=\"clear:both;display:block;\"><\/div><div class=\"w-btn-wrapper width_auto align_center\"><a class=\"w-btn us-btn-style_1\" href=\"http:\/\/de\/sardegna\/restaurant\/\"><span class=\"w-btn-label\">Finde mehr heraus<\/span><\/a><\/div><\/div><\/div>\r\n\r\n\t\t\t<\/div><\/div><\/div><\/div><div class=\"vc_col-sm-4 wpb_column vc_column_container\"><div class=\"vc_column-inner\"><div class=\"wpb_wrapper\"><div class=\"w-iconbox us_custom_8ce0afca iconpos_top style_default color_primary align_center no_title no_text\"><div class=\"w-iconbox-icon\"><i class=\"fas fa-ice-cream\"><\/i><\/div><div class=\"w-iconbox-meta\"><\/div><\/div><div class=\"ult_exp_section_layer ult-adjust-bottom-margin  \" >\r\n\t<div id=\"uvc-exp-wrap-5813\"   data-ultimate-target='#uvc-exp-wrap-5813'  data-responsive-json-new='{\"font-size\":\"desktop:20px;\",\"line-height\":\"desktop:20px;\"}'  class=\"ult_exp_section  ult-responsive \" style=\"color:#0091f5;background-color:#053d63; font-weight:normal;  text-align:center;\" data-textcolor=\"#0091f5\"data-texthover=\"#053d63\"data-icncolor=\"#333333\"data-ihover=\"#333333\"data-height=\"0\"data-cntbg=\"#053d63\"data-cnthvrbg=\"#f7d154\"data-headerbg=\"#053d63\"data-headerhover=\"#f7d154\"data-title=\"Artisan Eisbar\"data-newtitle=\"Artisan Eisbar\"data-icon=\"\"data-newicon=\"\"data-activeicon=\"#333333\"data-effect=\"fadeToggle\"data-override=\"0\"data-activetitle=\"#333333\"data-activebg=\"#dbdbdb\"data-img=\"\"data-newimg=\"\"><div  class=\"ult_exp_section-main \">\r\n\t\t\t\t\t<div class=\"ult_expheader\" >Artisan Eisbar\r\n\t\t\t\t\t <\/div><\/div>\r\n\t\t\t\t<\/div><div class=\"ult_exp_content \" style=\"background-color:#dbdbdb;  \"><div class=\"ult_ecpsub_cont\" style=\" \" ><div class=\"wpb_text_column\" ><div class=\"wpb_wrapper\"><p><span style=\"font-weight: 400;\">Neben dem Restaurant befindet sich eine Bar, in der erstklassiges handwerkliches Eis serviert wird, das von uns in unserer Einrichtung zubereitet wird.<\/span><\/p>\n<\/div><\/div><div class=\"ult-spacer spacer-69f469e0bba50\" data-id=\"69f469e0bba50\" data-height=\"10\" data-height-mobile=\"10\" data-height-tab=\"10\" data-height-tab-portrait=\"\" data-height-mobile-landscape=\"\" style=\"clear:both;display:block;\"><\/div><div class=\"w-btn-wrapper width_auto align_center\"><a class=\"w-btn us-btn-style_1\" href=\"\/de\/sardegna\/restaurant\/\"><span class=\"w-btn-label\">Finde mehr heraus<\/span><\/a><\/div><\/div><\/div>\r\n\r\n\t\t\t<\/div><\/div><\/div><\/div><div class=\"vc_col-sm-4 wpb_column vc_column_container\"><div class=\"vc_column-inner\"><div class=\"wpb_wrapper\"><div class=\"w-iconbox us_custom_8ce0afca iconpos_top style_default color_primary align_center no_title no_text\"><div class=\"w-iconbox-icon\"><i class=\"fas fa-shopping-basket\"><\/i><\/div><div class=\"w-iconbox-meta\"><\/div><\/div><div class=\"ult_exp_section_layer ult-adjust-bottom-margin  \" >\r\n\t<div id=\"uvc-exp-wrap-2852\"   data-ultimate-target='#uvc-exp-wrap-2852'  data-responsive-json-new='{\"font-size\":\"desktop:20px;\",\"line-height\":\"desktop:20px;\"}'  class=\"ult_exp_section  ult-responsive \" style=\"color:#0091f5;background-color:#053d63; font-weight:normal;  text-align:center;\" data-textcolor=\"#0091f5\"data-texthover=\"#053d63\"data-icncolor=\"#333333\"data-ihover=\"#333333\"data-height=\"0\"data-cntbg=\"#053d63\"data-cnthvrbg=\"#f7d154\"data-headerbg=\"#053d63\"data-headerhover=\"#f7d154\"data-title=\"Einkaufen zu Hause\"data-newtitle=\"Einkaufen zu Hause\"data-icon=\"\"data-newicon=\"\"data-activeicon=\"#333333\"data-effect=\"fadeToggle\"data-override=\"0\"data-activetitle=\"#333333\"data-activebg=\"#dbdbdb\"data-img=\"\"data-newimg=\"\"><div  class=\"ult_exp_section-main \">\r\n\t\t\t\t\t<div class=\"ult_expheader\" >Einkaufen zu Hause\r\n\t\t\t\t\t <\/div><\/div>\r\n\t\t\t\t<\/div><div class=\"ult_exp_content \" style=\"background-color:#dbdbdb;  \"><div class=\"ult_ecpsub_cont\" style=\" \" ><div class=\"wpb_text_column\" ><div class=\"wpb_wrapper\"><p>Um unseren Kunden ein Minimum an Reisen zu gew\u00e4hrleisten, aktivieren wir in dieser Zeit einen Home-Shopping-Service \u00fcber lokale Lieferanten. Sobald Sie in unserer Einrichtung angekommen sind, erhalten Sie die Telefonnummern, mit denen Sie Kontakt aufnehmen k\u00f6nnen, um die erforderlichen Produkte zu bestellen, und lassen sie bequem an die Einrichtung liefern.<\/p>\n<\/div><\/div><\/div><\/div>\r\n\r\n\t\t\t<\/div><\/div><\/div><\/div><\/div><\/div><\/div><\/div><div class=\"w-tabs-section\" id=\"1612358128165-97a90b35-58d9\"><button class=\"w-tabs-section-header\" aria-controls=\"content-1612358128165-97a90b35-58d9\"><div class=\"w-tabs-section-header-h\"><div class=\"w-tabs-section-title\">FREIZEIT<\/div><div class=\"w-tabs-section-control\"><\/div><\/div><\/button><div class=\"w-tabs-section-content\" id=\"content-1612358128165-97a90b35-58d9\" aria-expanded=\"false\"><div class=\"w-tabs-section-content-h i-cf\"><div class=\"g-cols wpb_row  type_default valign_top vc_inner\"><div class=\"vc_col-sm-4 wpb_column vc_column_container\"><div class=\"vc_column-inner\"><div class=\"wpb_wrapper\"><div class=\"w-iconbox us_custom_8ce0afca iconpos_top style_default color_primary align_center no_title no_text\"><div class=\"w-iconbox-icon\"><i class=\"fas fa-dumbbell\"><\/i><\/div><div class=\"w-iconbox-meta\"><\/div><\/div><div class=\"ult_exp_section_layer ult-adjust-bottom-margin  \" >\r\n\t<div id=\"uvc-exp-wrap-8550\"   data-ultimate-target='#uvc-exp-wrap-8550'  data-responsive-json-new='{\"font-size\":\"desktop:20px;\",\"line-height\":\"desktop:20px;\"}'  class=\"ult_exp_section  ult-responsive \" style=\"color:#0091f5;background-color:#053d63; font-weight:normal;  text-align:center;\" data-textcolor=\"#0091f5\"data-texthover=\"#053d63\"data-icncolor=\"#333333\"data-ihover=\"#333333\"data-height=\"0\"data-cntbg=\"#053d63\"data-cnthvrbg=\"#f7d154\"data-headerbg=\"#053d63\"data-headerhover=\"#f7d154\"data-title=\"Fitnessstudio\"data-newtitle=\"Fitnessstudio\"data-icon=\"\"data-newicon=\"\"data-activeicon=\"#333333\"data-effect=\"fadeToggle\"data-override=\"0\"data-activetitle=\"#333333\"data-activebg=\"#dbdbdb\"data-img=\"\"data-newimg=\"\"><div  class=\"ult_exp_section-main \">\r\n\t\t\t\t\t<div class=\"ult_expheader\" >Fitnessstudio\r\n\t\t\t\t\t <\/div><\/div>\r\n\t\t\t\t<\/div><div class=\"ult_exp_content \" style=\"background-color:#dbdbdb;  \"><div class=\"ult_ecpsub_cont\" style=\" \" ><div class=\"wpb_text_column\" ><div class=\"wpb_wrapper\"><p>Das Fitnessstudio mit Technogym-Ger\u00e4ten steht den Kunden kostenlos zur Verf\u00fcgung<\/p>\n<\/div><\/div><\/div><\/div>\r\n\r\n\t\t\t<\/div><\/div><\/div><\/div><div class=\"vc_col-sm-4 wpb_column vc_column_container\"><div class=\"vc_column-inner\"><div class=\"wpb_wrapper\"><div class=\"w-iconbox us_custom_8ce0afca iconpos_top style_default color_primary align_center no_title no_text\"><div class=\"w-iconbox-icon\"><i class=\"fas fa-shapes\"><\/i><\/div><div class=\"w-iconbox-meta\"><\/div><\/div><div class=\"ult_exp_section_layer ult-adjust-bottom-margin  \" >\r\n\t<div id=\"uvc-exp-wrap-9620\"   data-ultimate-target='#uvc-exp-wrap-9620'  data-responsive-json-new='{\"font-size\":\"desktop:20px;\",\"line-height\":\"desktop:20px;\"}'  class=\"ult_exp_section  ult-responsive \" style=\"color:#0091f5;background-color:#053d63; font-weight:normal;  text-align:center;\" data-textcolor=\"#0091f5\"data-texthover=\"#053d63\"data-icncolor=\"#333333\"data-ihover=\"#333333\"data-height=\"0\"data-cntbg=\"#053d63\"data-cnthvrbg=\"#f7d154\"data-headerbg=\"#053d63\"data-headerhover=\"#f7d154\"data-title=\"Spielplatz\"data-newtitle=\"Spielplatz\"data-icon=\"\"data-newicon=\"\"data-activeicon=\"#333333\"data-effect=\"fadeToggle\"data-override=\"0\"data-activetitle=\"#333333\"data-activebg=\"#dbdbdb\"data-img=\"\"data-newimg=\"\"><div  class=\"ult_exp_section-main \">\r\n\t\t\t\t\t<div class=\"ult_expheader\" >Spielplatz\r\n\t\t\t\t\t <\/div><\/div>\r\n\t\t\t\t<\/div><div class=\"ult_exp_content \" style=\"background-color:#dbdbdb;  \"><div class=\"ult_ecpsub_cont\" style=\" \" ><div class=\"wpb_text_column\" ><div class=\"wpb_wrapper\"><p>Ein Raum f\u00fcr Kinder steht kostenlos zur Verf\u00fcgung und befindet sich neben dem Fitnessstudio.<\/p>\n<\/div><\/div><\/div><\/div>\r\n\r\n\t\t\t<\/div><\/div><\/div><\/div><div class=\"vc_col-sm-4 wpb_column vc_column_container\"><div class=\"vc_column-inner\"><div class=\"wpb_wrapper\"><\/div><\/div><\/div><\/div><\/div><\/div><\/div><div class=\"w-tabs-section\" id=\"1612358147601-0ed5283c-59f5\"><button class=\"w-tabs-section-header\" aria-controls=\"content-1612358147601-0ed5283c-59f5\"><div class=\"w-tabs-section-header-h\"><div class=\"w-tabs-section-title\">ALLGEMEINES<\/div><div class=\"w-tabs-section-control\"><\/div><\/div><\/button><div class=\"w-tabs-section-content\" id=\"content-1612358147601-0ed5283c-59f5\" aria-expanded=\"false\"><div class=\"w-tabs-section-content-h i-cf\"><div class=\"g-cols wpb_row  type_default valign_top vc_inner\"><div class=\"vc_col-sm-4 wpb_column vc_column_container\"><div class=\"vc_column-inner\"><div class=\"wpb_wrapper\"><div class=\"w-iconbox us_custom_8ce0afca iconpos_top style_default color_primary align_center no_title no_text\"><div class=\"w-iconbox-icon\"><i class=\"fas fa-car\"><\/i><\/div><div class=\"w-iconbox-meta\"><\/div><\/div><div class=\"ult_exp_section_layer ult-adjust-bottom-margin  \" >\r\n\t<div id=\"uvc-exp-wrap-6314\"   data-ultimate-target='#uvc-exp-wrap-6314'  data-responsive-json-new='{\"font-size\":\"desktop:20px;\",\"line-height\":\"desktop:20px;\"}'  class=\"ult_exp_section  ult-responsive \" style=\"color:#0091f5;background-color:#053d63; font-weight:normal;  text-align:center;\" data-textcolor=\"#0091f5\"data-texthover=\"#053d63\"data-icncolor=\"#333333\"data-ihover=\"#333333\"data-height=\"0\"data-cntbg=\"#053d63\"data-cnthvrbg=\"#f7d154\"data-headerbg=\"#053d63\"data-headerhover=\"#f7d154\"data-title=\"Autovermietung\"data-newtitle=\"Autovermietung\"data-icon=\"\"data-newicon=\"\"data-activeicon=\"#333333\"data-effect=\"fadeToggle\"data-override=\"0\"data-activetitle=\"#333333\"data-activebg=\"#dbdbdb\"data-img=\"\"data-newimg=\"\"><div  class=\"ult_exp_section-main \">\r\n\t\t\t\t\t<div class=\"ult_expheader\" >Autovermietung\r\n\t\t\t\t\t <\/div><\/div>\r\n\t\t\t\t<\/div><div class=\"ult_exp_content \" style=\"background-color:#dbdbdb;  \"><div class=\"ult_ecpsub_cont\" style=\" \" ><div class=\"wpb_text_column\" ><div class=\"wpb_wrapper\"><p>M\u00f6glichkeit, stundenweise ein Auto mit All-Inclusive-Formel zu mieten. Sehr bequem, um die St\u00e4dte Lotzorai und Tortol\u00ec in wenigen Minuten zu erreichen und sich mit allem zu versorgen, was Sie brauchen.<\/p>\n<\/div><\/div><\/div><\/div>\r\n\r\n\t\t\t<\/div><\/div><\/div><\/div><div class=\"vc_col-sm-4 wpb_column vc_column_container\"><div class=\"vc_column-inner\"><div class=\"wpb_wrapper\"><div class=\"w-iconbox us_custom_8ce0afca iconpos_top style_default color_primary align_center no_title no_text\"><div class=\"w-iconbox-icon\"><i class=\"fas fa-taxi\"><\/i><\/div><div class=\"w-iconbox-meta\"><\/div><\/div><div class=\"ult_exp_section_layer ult-adjust-bottom-margin  \" >\r\n\t<div id=\"uvc-exp-wrap-9980\"   data-ultimate-target='#uvc-exp-wrap-9980'  data-responsive-json-new='{\"font-size\":\"desktop:20px;\",\"line-height\":\"desktop:20px;\"}'  class=\"ult_exp_section  ult-responsive \" style=\"color:#0091f5;background-color:#053d63; font-weight:normal;  text-align:center;\" data-textcolor=\"#0091f5\"data-texthover=\"#053d63\"data-icncolor=\"#333333\"data-ihover=\"#333333\"data-height=\"0\"data-cntbg=\"#053d63\"data-cnthvrbg=\"#f7d154\"data-headerbg=\"#053d63\"data-headerhover=\"#f7d154\"data-title=\"Transfer\"data-newtitle=\"Transfer\"data-icon=\"\"data-newicon=\"\"data-activeicon=\"#333333\"data-effect=\"fadeToggle\"data-override=\"0\"data-activetitle=\"#333333\"data-activebg=\"#dbdbdb\"data-img=\"\"data-newimg=\"\"><div  class=\"ult_exp_section-main \">\r\n\t\t\t\t\t<div class=\"ult_expheader\" >Transfer\r\n\t\t\t\t\t <\/div><\/div>\r\n\t\t\t\t<\/div><div class=\"ult_exp_content \" style=\"background-color:#dbdbdb;  \"><div class=\"ult_ecpsub_cont\" style=\" \" ><div class=\"wpb_text_column\" ><div class=\"wpb_wrapper\"><p>Der Campingplatz bietet einen Transferservice zu und von einigen Flugh\u00e4fen und H\u00e4fen der Insel. Der Dienst kann je nach Verf\u00fcgbarkeit auf Anfrage aktiviert werden. Bitte kontaktieren Sie die Unterkunft f\u00fcr Kosten und weitere Informationen.<\/p>\n<\/div><\/div><div class=\"ult-spacer spacer-69f469e0bd04c\" data-id=\"69f469e0bd04c\" data-height=\"10\" data-height-mobile=\"10\" data-height-tab=\"10\" data-height-tab-portrait=\"\" data-height-mobile-landscape=\"\" style=\"clear:both;display:block;\"><\/div><div class=\"w-btn-wrapper width_auto align_center\"><a class=\"w-btn us-btn-style_1\" title=\"KONTAKTE\" href=\"\/de\/kontakte\/\"><span class=\"w-btn-label\">Kontaktiere uns<\/span><\/a><\/div><\/div><\/div>\r\n\r\n\t\t\t<\/div><\/div><\/div><\/div><div class=\"vc_col-sm-4 wpb_column vc_column_container\"><div class=\"vc_column-inner\"><div class=\"wpb_wrapper\"><div class=\"w-iconbox us_custom_8ce0afca iconpos_top style_default color_primary align_center no_title no_text\"><div class=\"w-iconbox-icon\"><i class=\"fas fa-lock\"><\/i><\/div><div class=\"w-iconbox-meta\"><\/div><\/div><div class=\"ult_exp_section_layer ult-adjust-bottom-margin  \" >\r\n\t<div id=\"uvc-exp-wrap-2446\"   data-ultimate-target='#uvc-exp-wrap-2446'  data-responsive-json-new='{\"font-size\":\"desktop:20px;\",\"line-height\":\"desktop:20px;\"}'  class=\"ult_exp_section  ult-responsive \" style=\"color:#0091f5;background-color:#053d63; font-weight:normal;  text-align:center;\" data-textcolor=\"#0091f5\"data-texthover=\"#053d63\"data-icncolor=\"#333333\"data-ihover=\"#333333\"data-height=\"0\"data-cntbg=\"#053d63\"data-cnthvrbg=\"#f7d154\"data-headerbg=\"#053d63\"data-headerhover=\"#f7d154\"data-title=\"Verwahrung von Wertsachen\"data-newtitle=\"Verwahrung von Wertsachen\"data-icon=\"\"data-newicon=\"\"data-activeicon=\"#333333\"data-effect=\"fadeToggle\"data-override=\"0\"data-activetitle=\"#333333\"data-activebg=\"#dbdbdb\"data-img=\"\"data-newimg=\"\"><div  class=\"ult_exp_section-main \">\r\n\t\t\t\t\t<div class=\"ult_expheader\" >Verwahrung von Wertsachen\r\n\t\t\t\t\t <\/div><\/div>\r\n\t\t\t\t<\/div><div class=\"ult_exp_content \" style=\"background-color:#dbdbdb;  \"><div class=\"ult_ecpsub_cont\" style=\" \" ><div class=\"wpb_text_column\" ><div class=\"wpb_wrapper\"><p>Es gibt Schlie\u00dff\u00e4cher mit Doppelschl\u00fcsseln zur Aufbewahrung von Wertsachen.<\/p>\n<\/div><\/div><\/div><\/div>\r\n\r\n\t\t\t<\/div><\/div><\/div><\/div><\/div><\/div><\/div><\/div><\/div><\/div><\/div><div class=\"ult-spacer spacer-69f469e0bda1f\" data-id=\"69f469e0bda1f\" data-height=\"60\" data-height-mobile=\"60\" data-height-tab=\"60\" data-height-tab-portrait=\"\" data-height-mobile-landscape=\"\" style=\"clear:both;display:block;\"><\/div><\/div><\/div><\/div><\/div><\/div><\/section><section class=\"l-section wpb_row us_custom_a574d586 height_auto has_text_color with_shape\"><div class=\"l-section-shape type_wave pos_bottom hor_flip\" style=\"color:#053d63;height:7vh;\"><svg xmlns=\"http:\/\/www.w3.org\/2000\/svg\" viewBox=\"0 4 64 4\" preserveAspectRatio=\"none\" width=\"100%\" height=\"100%\">\r\n\t<path fill=\"currentColor\" d=\"M64 6 C32 0 32 12 0 6 L0 8 L64 8 Z\"\/>\r\n<\/svg><\/div><div class=\"l-section-h i-cf\"><div class=\"g-cols vc_row type_default valign_top\"><div class=\"vc_col-sm-2 wpb_column vc_column_container\"><div class=\"vc_column-inner\"><div class=\"wpb_wrapper\"><\/div><\/div><\/div><div class=\"vc_col-sm-8 wpb_column vc_column_container\"><div class=\"vc_column-inner\"><div class=\"wpb_wrapper\"><div class=\"ult-spacer spacer-69f469e0bddf3\" data-id=\"69f469e0bddf3\" data-height=\"5\" data-height-mobile=\"5\" data-height-tab=\"5\" data-height-tab-portrait=\"\" data-height-mobile-landscape=\"\" style=\"clear:both;display:block;\"><\/div><\/div><\/div><\/div><div class=\"vc_col-sm-2 wpb_column vc_column_container\"><div class=\"vc_column-inner\"><div class=\"wpb_wrapper\"><\/div><\/div><\/div><\/div><\/div><\/section><section class=\"l-section wpb_row us_custom_3d6abb55 height_auto with_shape\"><div class=\"l-section-shape type_wave pos_bottom hor_flip\" style=\"color:#ffffff;height:8vh;\"><svg xmlns=\"http:\/\/www.w3.org\/2000\/svg\" viewBox=\"0 4 64 4\" preserveAspectRatio=\"none\" width=\"100%\" height=\"100%\">\r\n\t<path fill=\"currentColor\" d=\"M64 6 C32 0 32 12 0 6 L0 8 L64 8 Z\"\/>\r\n<\/svg><\/div><div class=\"l-section-h i-cf\"><div class=\"g-cols vc_row type_default valign_top\"><div class=\"vc_col-sm-12 wpb_column vc_column_container\"><div class=\"vc_column-inner\"><div class=\"wpb_wrapper\"><div class=\"ult-spacer spacer-69f469e0be0bb\" data-id=\"69f469e0be0bb\" data-height=\"10\" data-height-mobile=\"10\" data-height-tab=\"10\" data-height-tab-portrait=\"\" data-height-mobile-landscape=\"\" style=\"clear:both;display:block;\"><\/div><\/div><\/div><\/div><\/div><\/div><\/section><section class=\"l-section wpb_row height_small\"><div class=\"l-section-h i-cf\"><div class=\"g-cols vc_row type_default valign_top\"><div class=\"vc_col-sm-12 wpb_column vc_column_container\"><div class=\"vc_column-inner\"><div class=\"wpb_wrapper\"><div class=\"wpb_text_column us_custom_7d00128a has_text_color\" ><div class=\"wpb_wrapper\"><h3 style=\"text-align: center;\">SONSTIGE DIENSTLEISTUNGEN<\/h3>\n<\/div><\/div><div class=\"ult-spacer spacer-69f469e0be43e\" data-id=\"69f469e0be43e\" data-height=\"30\" data-height-mobile=\"30\" data-height-tab=\"30\" data-height-tab-portrait=\"\" data-height-mobile-landscape=\"\" style=\"clear:both;display:block;\"><\/div><div class=\"w-grid type_carousel layout_1852 overflow_hidden\" id=\"us_grid_1\" data-grid-filter=\"false\"><style id=\"us_grid_1_css\">#us_grid_1 .owl-nav div{font-size:1.8rem}#us_grid_1 .w-grid-item{padding:0.8rem}#us_grid_1 .w-grid-list{margin:-0.8rem}.w-grid + #us_grid_1 .w-grid-list{margin-top:0.8rem}<\/style><style>.layout_1852 .w-grid-item-h{background:#333;border-radius:0.3rem;z-index:3;box-shadow:0 0.03rem 0.06rem rgba(0,0,0,0.1),0 0.10rem 0.30rem rgba(0,0,0,0.1);transition-duration:0.3s}.no-touch .layout_1852 .w-grid-item-h:hover{box-shadow:0 0.12rem 0.24rem rgba(0,0,0,0.1),0 0.40rem 1.20rem rgba(0,0,0,0.15);z-index:4}.layout_1852 .usg_post_image_1{transition-duration:0.3s;transform-origin:50% 50%;transform:scale(1) translate(0%,0%)}.layout_1852 .w-grid-item-h:hover .usg_post_image_1{transform:scale(1.20) translate(0%,0%);opacity:0.8}.layout_1852 .usg_vwrapper_1{position:absolute!important;right:0!important;bottom:0!important;left:0!important;background:linear-gradient(transparent, rgba(30,30,30,0.8))!important;padding:15% 7% 7% 7%!important}.layout_1852 .usg_post_title_1{color:#fff!important;font-size:1.4rem!important;font-weight:700!important}@media (max-width:599px){.layout_1852 .usg_post_title_1{font-size:1.2rem!important}}<\/style><div class=\"w-grid-list owl-carousel navstyle_circle navpos_outside with_dots\" ><article class=\"w-grid-item post-2500 us_portfolio type-us_portfolio status-publish has-post-thumbnail hentry us_portfolio_category-dienstleistungen\" data-id=\"2500\">\r\n\t<div class=\"w-grid-item-h\">\r\n\t\t\t\t<div class=\"w-post-elm post_image usg_post_image_1 has_ratio\"><div style=\"padding-bottom:66.6667%\"><\/div><a href=\"https:\/\/www.campinglecernie.it\/de\/sardegna\/vermietung-e-bike\/\" aria-label=\"VERMIETUNG E-BIKE\"><img width=\"1024\" height=\"683\" src=\"https:\/\/www.campinglecernie.it\/wp-content\/uploads\/2020\/11\/camping-village-le-cernie-sardegna-cosa-fare-attivita-01-1024x683.png\" class=\"not-lazy attachment-large size-large wp-post-image\" alt=\"\" srcset=\"https:\/\/www.campinglecernie.it\/wp-content\/uploads\/2020\/11\/camping-village-le-cernie-sardegna-cosa-fare-attivita-01-1024x683.png 1024w, https:\/\/www.campinglecernie.it\/wp-content\/uploads\/2020\/11\/camping-village-le-cernie-sardegna-cosa-fare-attivita-01-300x200.png 300w, https:\/\/www.campinglecernie.it\/wp-content\/uploads\/2020\/11\/camping-village-le-cernie-sardegna-cosa-fare-attivita-01.png 1200w\" sizes=\"(max-width: 1024px) 100vw, 1024px\" \/><\/a><\/div><div class=\"w-vwrapper usg_vwrapper_1 align_left valign_top\"><h2 class=\"w-post-elm post_title usg_post_title_1 entry-title color_link_inherit has_text_color\"><a href=\"https:\/\/www.campinglecernie.it\/de\/sardegna\/vermietung-e-bike\/\">VERMIETUNG E-BIKE<\/a><\/h2><a class=\"w-btn us-btn-style_1 usg_btn_1\" href=\"https:\/\/www.campinglecernie.it\/de\/sardegna\/vermietung-e-bike\/\"><span class=\"w-btn-label\">Finde mehr heraus<\/span><\/a><\/div>\t<\/div>\r\n<\/article>\r\n<article class=\"w-grid-item post-1683 us_portfolio type-us_portfolio status-publish has-post-thumbnail hentry us_portfolio_category-dienstleistungen\" data-id=\"1683\">\r\n\t<div class=\"w-grid-item-h\">\r\n\t\t\t\t<div class=\"w-post-elm post_image usg_post_image_1 has_ratio\"><div style=\"padding-bottom:66.6667%\"><\/div><a href=\"https:\/\/www.campinglecernie.it\/de\/sardegna\/private-badezimmer\/\" aria-label=\"PRIVATE BADEZIMMER\"><img width=\"1024\" height=\"683\" src=\"https:\/\/www.campinglecernie.it\/wp-content\/uploads\/2021\/01\/camping-le-cernie-sardegna-servizi-bagni-privati-02.jpg\" class=\"not-lazy attachment-large size-large wp-post-image\" alt=\"\" srcset=\"https:\/\/www.campinglecernie.it\/wp-content\/uploads\/2021\/01\/camping-le-cernie-sardegna-servizi-bagni-privati-02.jpg 1024w, https:\/\/www.campinglecernie.it\/wp-content\/uploads\/2021\/01\/camping-le-cernie-sardegna-servizi-bagni-privati-02-300x200.jpg 300w\" sizes=\"(max-width: 1024px) 100vw, 1024px\" \/><\/a><\/div><div class=\"w-vwrapper usg_vwrapper_1 align_left valign_top\"><h2 class=\"w-post-elm post_title usg_post_title_1 entry-title color_link_inherit has_text_color\"><a href=\"https:\/\/www.campinglecernie.it\/de\/sardegna\/private-badezimmer\/\">PRIVATE BADEZIMMER<\/a><\/h2><a class=\"w-btn us-btn-style_1 usg_btn_1\" href=\"https:\/\/www.campinglecernie.it\/de\/sardegna\/private-badezimmer\/\"><span class=\"w-btn-label\">Finde mehr heraus<\/span><\/a><\/div>\t<\/div>\r\n<\/article>\r\n<article class=\"w-grid-item post-1710 us_portfolio type-us_portfolio status-publish has-post-thumbnail hentry us_portfolio_category-dienstleistungen\" data-id=\"1710\">\r\n\t<div class=\"w-grid-item-h\">\r\n\t\t\t\t<div class=\"w-post-elm post_image usg_post_image_1 has_ratio\"><div style=\"padding-bottom:66.6667%\"><\/div><a href=\"https:\/\/www.campinglecernie.it\/de\/sardegna\/bootsverleih\/\" aria-label=\"BOOTSVERLEIH\"><img width=\"1024\" height=\"450\" src=\"https:\/\/www.campinglecernie.it\/wp-content\/uploads\/2020\/12\/camping-village-le-cernie-sardegna-slider-15-1024x450.jpg\" class=\"not-lazy attachment-large size-large wp-post-image\" alt=\"\" srcset=\"https:\/\/www.campinglecernie.it\/wp-content\/uploads\/2020\/12\/camping-village-le-cernie-sardegna-slider-15-1024x450.jpg 1024w, https:\/\/www.campinglecernie.it\/wp-content\/uploads\/2020\/12\/camping-village-le-cernie-sardegna-slider-15-300x132.jpg 300w, https:\/\/www.campinglecernie.it\/wp-content\/uploads\/2020\/12\/camping-village-le-cernie-sardegna-slider-15.jpg 1800w\" sizes=\"(max-width: 1024px) 100vw, 1024px\" \/><\/a><\/div><div class=\"w-vwrapper usg_vwrapper_1 align_left valign_top\"><h2 class=\"w-post-elm post_title usg_post_title_1 entry-title color_link_inherit has_text_color\"><a href=\"https:\/\/www.campinglecernie.it\/de\/sardegna\/bootsverleih\/\">BOOTSVERLEIH<\/a><\/h2><a class=\"w-btn us-btn-style_1 usg_btn_1\" href=\"https:\/\/www.campinglecernie.it\/de\/sardegna\/bootsverleih\/\"><span class=\"w-btn-label\">Finde mehr heraus<\/span><\/a><\/div>\t<\/div>\r\n<\/article>\r\n<article class=\"w-grid-item post-1691 us_portfolio type-us_portfolio status-publish has-post-thumbnail hentry us_portfolio_category-dienstleistungen\" data-id=\"1691\">\r\n\t<div class=\"w-grid-item-h\">\r\n\t\t\t\t<div class=\"w-post-elm post_image usg_post_image_1 has_ratio\"><div style=\"padding-bottom:66.6667%\"><\/div><a href=\"https:\/\/www.campinglecernie.it\/de\/sardegna\/der-strand\/\" aria-label=\"DER STRAND\"><img width=\"1024\" height=\"683\" src=\"https:\/\/www.campinglecernie.it\/wp-content\/uploads\/2020\/12\/camping-village-le-cernie-sardegna-spiaggia-05.jpg\" class=\"not-lazy attachment-large size-large wp-post-image\" alt=\"\" srcset=\"https:\/\/www.campinglecernie.it\/wp-content\/uploads\/2020\/12\/camping-village-le-cernie-sardegna-spiaggia-05.jpg 1024w, https:\/\/www.campinglecernie.it\/wp-content\/uploads\/2020\/12\/camping-village-le-cernie-sardegna-spiaggia-05-300x200.jpg 300w\" sizes=\"(max-width: 1024px) 100vw, 1024px\" \/><\/a><\/div><div class=\"w-vwrapper usg_vwrapper_1 align_left valign_top\"><h2 class=\"w-post-elm post_title usg_post_title_1 entry-title color_link_inherit has_text_color\"><a href=\"https:\/\/www.campinglecernie.it\/de\/sardegna\/der-strand\/\">DER STRAND<\/a><\/h2><a class=\"w-btn us-btn-style_1 usg_btn_1\" href=\"https:\/\/www.campinglecernie.it\/de\/sardegna\/der-strand\/\"><span class=\"w-btn-label\">Finde mehr heraus<\/span><\/a><\/div>\t<\/div>\r\n<\/article>\r\n<article class=\"w-grid-item post-1720 us_portfolio type-us_portfolio status-publish has-post-thumbnail hentry us_portfolio_category-dienstleistungen\" data-id=\"1720\">\r\n\t<div class=\"w-grid-item-h\">\r\n\t\t\t\t<div class=\"w-post-elm post_image usg_post_image_1 has_ratio\"><div style=\"padding-bottom:66.6667%\"><\/div><a href=\"https:\/\/www.campinglecernie.it\/de\/sardegna\/restaurant\/\" aria-label=\"RESTAURANT\"><img width=\"1024\" height=\"683\" src=\"https:\/\/www.campinglecernie.it\/wp-content\/uploads\/2020\/11\/camping-village-le-cernie-sardegna-ristorante-05-1024x683.png\" class=\"not-lazy attachment-large size-large wp-post-image\" alt=\"\" srcset=\"https:\/\/www.campinglecernie.it\/wp-content\/uploads\/2020\/11\/camping-village-le-cernie-sardegna-ristorante-05-1024x683.png 1024w, https:\/\/www.campinglecernie.it\/wp-content\/uploads\/2020\/11\/camping-village-le-cernie-sardegna-ristorante-05-300x200.png 300w, https:\/\/www.campinglecernie.it\/wp-content\/uploads\/2020\/11\/camping-village-le-cernie-sardegna-ristorante-05.png 1200w\" sizes=\"(max-width: 1024px) 100vw, 1024px\" \/><\/a><\/div><div class=\"w-vwrapper usg_vwrapper_1 align_left valign_top\"><h2 class=\"w-post-elm post_title usg_post_title_1 entry-title color_link_inherit has_text_color\"><a href=\"https:\/\/www.campinglecernie.it\/de\/sardegna\/restaurant\/\">RESTAURANT<\/a><\/h2><a class=\"w-btn us-btn-style_1 usg_btn_1\" href=\"https:\/\/www.campinglecernie.it\/de\/sardegna\/restaurant\/\"><span class=\"w-btn-label\">Finde mehr heraus<\/span><\/a><\/div>\t<\/div>\r\n<\/article>\r\n<\/div><div class=\"g-preloader type_1\">\r\n\t<div><\/div>\r\n<\/div>\r\n\t<div class=\"w-grid-json hidden\" onclick='return {&quot;action&quot;:&quot;us_ajax_grid&quot;,&quot;ajax_url&quot;:&quot;https:\\\/\\\/www.campinglecernie.it\\\/wp-admin\\\/admin-ajax.php&quot;,&quot;infinite_scroll&quot;:0,&quot;max_num_pages&quot;:1,&quot;pagination&quot;:&quot;none&quot;,&quot;permalink_url&quot;:&quot;https:\\\/\\\/www.campinglecernie.it\\\/de\\\/wp-json\\\/wp\\\/v2\\\/pages\\\/1666\\\/&quot;,&quot;template_vars&quot;:{&quot;columns&quot;:&quot;3&quot;,&quot;exclude_items&quot;:&quot;none&quot;,&quot;img_size&quot;:&quot;default&quot;,&quot;ignore_items_size&quot;:false,&quot;items_layout&quot;:&quot;1852&quot;,&quot;items_offset&quot;:&quot;1&quot;,&quot;load_animation&quot;:&quot;none&quot;,&quot;overriding_link&quot;:&quot;none&quot;,&quot;post_id&quot;:1666,&quot;query_args&quot;:{&quot;post_type&quot;:[&quot;us_portfolio&quot;],&quot;tax_query&quot;:[{&quot;taxonomy&quot;:&quot;us_portfolio_category&quot;,&quot;field&quot;:&quot;slug&quot;,&quot;terms&quot;:[&quot;servizi&quot;]}],&quot;post_status&quot;:[&quot;publish&quot;],&quot;orderby&quot;:{&quot;date&quot;:&quot;DESC&quot;},&quot;posts_per_page&quot;:&quot;10&quot;},&quot;type&quot;:&quot;carousel&quot;,&quot;us_grid_ajax_index&quot;:1,&quot;us_grid_filter_params&quot;:null,&quot;us_grid_index&quot;:1,&quot;_us_grid_post_type&quot;:&quot;us_portfolio&quot;,&quot;lang&quot;:&quot;de&quot;},&quot;carousel_settings&quot;:{&quot;autoHeight&quot;:0,&quot;autoplay&quot;:0,&quot;carousel_fade&quot;:0,&quot;center&quot;:0,&quot;dots&quot;:1,&quot;items&quot;:&quot;3&quot;,&quot;loop&quot;:false,&quot;nav&quot;:1,&quot;slideby&quot;:&quot;1&quot;,&quot;smooth_play&quot;:0,&quot;speed&quot;:250,&quot;timeout&quot;:3000,&quot;transition&quot;:&quot;&quot;},&quot;carousel_breakpoints&quot;:{&quot;1200&quot;:{&quot;items&quot;:3},&quot;900&quot;:{&quot;autoHeight&quot;:0,&quot;autoplay&quot;:1,&quot;autoplayHoverPause&quot;:1,&quot;items&quot;:3,&quot;loop&quot;:false},&quot;600&quot;:{&quot;autoHeight&quot;:0,&quot;autoplay&quot;:1,&quot;autoplayHoverPause&quot;:1,&quot;items&quot;:2,&quot;loop&quot;:false},&quot;0&quot;:{&quot;autoHeight&quot;:0,&quot;autoplay&quot;:1,&quot;autoplayHoverPause&quot;:1,&quot;items&quot;:1,&quot;loop&quot;:true}}}'><\/div>\r\n<\/div><\/div><\/div><\/div><\/div><\/div><\/section>\n","protected":false},"excerpt":{"rendered":"DAS RESTAURANT Das Restaurant &#8222;da Claudio&#8220; ist unser Flaggschiff. Im Schatten unserer wundersch\u00f6nen Olivenb\u00e4ume ist das Restaurant &#8222;Da Claudio&#8220; der Ort f\u00fcr den Gaumen schlechthin, unser Flaggschiff. Hier k\u00f6nnen Sie wunderbare Gerichte der sardischen Tradition von Meer und Land genie\u00dfen. Mit dem Restaurant m\u00f6chten wir unseren Kunden hochwertige Gerichte und einen renommierten Service bieten, der...","protected":false},"author":2,"featured_media":0,"parent":0,"menu_order":0,"comment_status":"closed","ping_status":"closed","template":"","meta":[],"yoast_head":"<!-- This site is optimized with the Yoast SEO plugin v15.4 - https:\/\/yoast.com\/wordpress\/plugins\/seo\/ -->\n<title>DIENSTLEISTUNGEN - Camping le Cernie<\/title>\n<meta name=\"description\" content=\"Entdecken Sie alle Dienstleistungen des Camping Village Le Cernie f\u00fcr einen Urlaub inmitten von Komfort, Entspannung und den sch\u00f6nen Str\u00e4nden Sardiniens\" \/>\n<meta name=\"robots\" content=\"index, follow, max-snippet:-1, max-image-preview:large, max-video-preview:-1\" \/>\n<link rel=\"canonical\" href=\"https:\/\/www.campinglecernie.it\/de\/dienstleistungen\/\" \/>\n<meta property=\"og:locale\" content=\"de_DE\" \/>\n<meta property=\"og:type\" content=\"article\" \/>\n<meta property=\"og:title\" content=\"DIENSTLEISTUNGEN - Camping le Cernie\" \/>\n<meta property=\"og:description\" content=\"Entdecken Sie alle Dienstleistungen des Camping Village Le Cernie f\u00fcr einen Urlaub inmitten von Komfort, Entspannung und den sch\u00f6nen Str\u00e4nden Sardiniens\" \/>\n<meta property=\"og:url\" content=\"https:\/\/www.campinglecernie.it\/de\/dienstleistungen\/\" \/>\n<meta property=\"og:site_name\" content=\"Camping le Cernie\" \/>\n<meta property=\"article:publisher\" content=\"https:\/\/www.facebook.com\/Camping-Village-Le-Cernie-111764305517571\" \/>\n<meta property=\"article:modified_time\" content=\"2021-03-12T15:00:34+00:00\" \/>\n<meta name=\"twitter:card\" content=\"summary_large_image\" \/>\n<meta name=\"twitter:label1\" content=\"Verfasst von\">\n\t<meta name=\"twitter:data1\" content=\"redazione\">\n\t<meta name=\"twitter:label2\" content=\"Gesch\u00e4tzte Lesezeit\">\n\t<meta name=\"twitter:data2\" content=\"14\u00a0Minuten\">\n<!-- \/ Yoast SEO plugin. -->","_links":{"self":[{"href":"https:\/\/www.campinglecernie.it\/de\/wp-json\/wp\/v2\/pages\/1666"}],"collection":[{"href":"https:\/\/www.campinglecernie.it\/de\/wp-json\/wp\/v2\/pages"}],"about":[{"href":"https:\/\/www.campinglecernie.it\/de\/wp-json\/wp\/v2\/types\/page"}],"author":[{"embeddable":true,"href":"https:\/\/www.campinglecernie.it\/de\/wp-json\/wp\/v2\/users\/2"}],"replies":[{"embeddable":true,"href":"https:\/\/www.campinglecernie.it\/de\/wp-json\/wp\/v2\/comments?post=1666"}],"version-history":[{"count":0,"href":"https:\/\/www.campinglecernie.it\/de\/wp-json\/wp\/v2\/pages\/1666\/revisions"}],"wp:attachment":[{"href":"https:\/\/www.campinglecernie.it\/de\/wp-json\/wp\/v2\/media?parent=1666"}],"curies":[{"name":"wp","href":"https:\/\/api.w.org\/{rel}","templated":true}]}}